{"version":"1.0","provider_name":"R\u00e9seau Interdisciplinaire de Sant\u00e9 (RISA)","provider_url":"https:\/\/ri-sante.ch\/en\/","author_name":"admin","author_url":"https:\/\/ri-sante.ch\/en\/author\/admin\/","title":"Journ\u00e9e de Formation : \"L'Endom\u00e9triose et\/ou Infertilit\u00e9\" - R\u00e9seau Interdisciplinaire de Sant\u00e9 (RISA)","type":"rich","width":600,"height":338,"html":"<blockquote class=\"wp-embedded-content\" data-secret=\"LVjb6P9vpN\"><a href=\"https:\/\/ri-sante.ch\/en\/journee-de-formation-lendometriose-et-ou-infertilite\/\">Journ\u00e9e de Formation : &#8220;L&#8217;Endom\u00e9triose et\/ou Infertilit\u00e9&#8221;<\/a><\/blockquote><iframe sandbox=\"allow-scripts\" security=\"restricted\" src=\"https:\/\/ri-sante.ch\/en\/journee-de-formation-lendometriose-et-ou-infertilite\/embed\/#?secret=LVjb6P9vpN\" width=\"600\" height=\"338\" title=\"&#8220;Journ\u00e9e de Formation : &#8220;L&#8217;Endom\u00e9triose et\/ou Infertilit\u00e9&#8221;&#8221; &#8212; R\u00e9seau Interdisciplinaire de Sant\u00e9 (RISA)\" data-secret=\"LVjb6P9vpN\" frameborder=\"0\" marginwidth=\"0\" marginheight=\"0\" scrolling=\"no\" class=\"wp-embedded-content\"><\/iframe><script type=\"text\/javascript\">\n\/* <![CDATA[ *\/\n\/*! This file is auto-generated *\/\n!function(d,l){\"use strict\";l.querySelector&&d.addEventListener&&\"undefined\"!=typeof URL&&(d.wp=d.wp||{},d.wp.receiveEmbedMessage||(d.wp.receiveEmbedMessage=function(e){var t=e.data;if((t||t.secret||t.message||t.value)&&!\/[^a-zA-Z0-9]\/.test(t.secret)){for(var s,r,n,a=l.querySelectorAll('iframe[data-secret=\"'+t.secret+'\"]'),o=l.querySelectorAll('blockquote[data-secret=\"'+t.secret+'\"]'),c=new RegExp(\"^https?:$\",\"i\"),i=0;i<o.length;i++)o[i].style.display=\"none\";for(i=0;i<a.length;i++)s=a[i],e.source===s.contentWindow&&(s.removeAttribute(\"style\"),\"height\"===t.message?(1e3<(r=parseInt(t.value,10))?r=1e3:~~r<200&&(r=200),s.height=r):\"link\"===t.message&&(r=new URL(s.getAttribute(\"src\")),n=new URL(t.value),c.test(n.protocol))&&n.host===r.host&&l.activeElement===s&&(d.top.location.href=t.value))}},d.addEventListener(\"message\",d.wp.receiveEmbedMessage,!1),l.addEventListener(\"DOMContentLoaded\",function(){for(var e,t,s=l.querySelectorAll(\"iframe.wp-embedded-content\"),r=0;r<s.length;r++)(t=(e=s[r]).getAttribute(\"data-secret\"))||(t=Math.random().toString(36).substring(2,12),e.src+=\"#?secret=\"+t,e.setAttribute(\"data-secret\",t)),e.contentWindow.postMessage({message:\"ready\",secret:t},\"*\")},!1)))}(window,document);\n\/\/# sourceURL=https:\/\/ri-sante.ch\/wp-includes\/js\/wp-embed.min.js\n\/* ]]> *\/\n<\/script>\n","thumbnail_url":"https:\/\/ri-sante.ch\/wp-content\/uploads\/2024\/10\/yejwa2tofhq-2-e1728554868442.jpg","thumbnail_width":800,"thumbnail_height":534,"description":"En date du 23 mars 2024, les membres et invit\u00e9s du RISA se sont retrouv\u00e9s dans le cadre champ\u00eatre du Centre John KNOX pour une journ\u00e9e de Formation continue autour du th\u00e8me de &#8220;L&#8217;Endom\u00e9triose et\/ou Infertilit\u00e9 &#8220; Sept orateurs se sont succ\u00e9d\u00e9s \u00e0 la tribune et ont expos\u00e9 leur mani\u00e8re de&nbsp;comprendre et traiter cette pathologie [&hellip;]"}